{"id":92,"date":"2020-12-28T15:17:37","date_gmt":"2020-12-28T14:17:37","guid":{"rendered":"http:\/\/253675.w75.wedos.ws\/wordpress\/?page_id=92"},"modified":"2025-11-07T18:01:57","modified_gmt":"2025-11-07T17:01:57","slug":"prihlaseni-na-kurz","status":"publish","type":"page","link":"https:\/\/jajsemja.cz\/wordpress\/?page_id=92","title":{"rendered":"P\u0159ihl\u00e1\u0161en\u00ed na kurz"},"content":{"rendered":"\n<h3 class=\"wp-block-heading\"><strong>P\u0159ehled p\u0159ipravovan\u00fdch kurz\u016f:<\/strong><\/h3>\n\n\n\n<h3 class=\"wp-block-heading\">Letn\u00ed t\u00fddenn\u00ed kurz 2026<\/h3>\n\n\n\n<h4 class=\"wp-block-heading\"><strong>Term\u00edn:\u00a0<\/strong>30. 6. 2026 &#8211; 4. 7. 2026<strong> <\/strong><\/h4>\n\n\n\n<h4 class=\"wp-block-heading\"><strong>M\u00edsto kon\u00e1n\u00ed:&nbsp;<\/strong><a rel=\"noreferrer noopener\" href=\"https:\/\/www.nadaceadelaida.cz\/\" target=\"_blank\">Chval\u0161iny<\/a><\/h4>\n\n\n\n<p>T\u00fdden je ur\u010den v\u0161em, kdo maj\u00ed o Integrovanou psychoterapii z\u00e1jem, sou\u010dasn\u011b tak\u00e9 z\u00e1jemc\u016fm o v\u00fdcvik v integrovan\u00e9 psychoterapii.<br>M\u00edsto kon\u00e1n\u00ed &#8211; Chval\u0161iny, n\u00e1m\u011bst\u00ed \u010d. p. 129, za\u0159\u00edzen\u00ed pro pobyt osob s poruchami autistick\u00e9ho spektra (b\u00fdval\u00e1 fara).<br>Mo\u017enost ubytov\u00e1n\u00ed od pond\u011bl\u00ed 29. 6., p\u0159edpokl\u00e1dan\u00fd p\u0159\u00edjezd pozdn\u00ed odpoledne\/ve\u010der vyzna\u010dte pros\u00edm na p\u0159ihl\u00e1\u0161ce.<br>Stravov\u00e1n\u00ed nen\u00ed zaji\u0161t\u011bno, je mo\u017en\u00e9 vyu\u017e\u00edt kuchyni st\u0159ediska, \u010di stravovac\u00edch za\u0159\u00edzen\u00ed v obci.<br>Cena za ubytov\u00e1n\u00ed: 450,-K\u010d osoba\/noc (\u0161est noc\u00ed = 2700,- K\u010d) <br>Cena kurzovn\u00e9ho: 5 000,-K\u010d.<br>T\u00fdden p\u0159ed akc\u00ed dostanou v\u0161ichni p\u0159ihl\u00e1\u0161en\u00ed spole\u010dn\u00fd mail, zpravidla vyu\u017eiteln\u00fd i k domluv\u011b na p\u0159\u00edpadn\u00e9 koordinaci dopravy.<\/p>\n\n\n\n<figure class=\"wp-block-table\"><table><tbody><tr><td>30. 6. a\u017e 4. 7. 2026<\/td><td>Letn\u00ed t\u00fddenn\u00ed kurz 2026 Chval\u0161iny<\/td><td><a href=\"https:\/\/psin.cz\/\/?cz_kurz_detail&amp;crsID=95\">p\u0159ihl\u00e1sit<\/a><\/td><\/tr><\/tbody><\/table><\/figure>\n\n\n\n<p>V\u00edce informac\u00ed o aktu\u00e1ln\u00edch v\u00edkendov\u00fdch kurzech je <a href=\"https:\/\/psin.cz\/\/?cz_kurzy\">zde<\/a><\/p>\n\n\n\n<p><\/p>\n","protected":false},"excerpt":{"rendered":"<p>P\u0159ehled p\u0159ipravovan\u00fdch kurz\u016f: Letn\u00ed t\u00fddenn\u00ed kurz 2026 Term\u00edn:\u00a030. 6. 2026 &#8211; 4. 7. 2026 M\u00edsto kon\u00e1n\u00ed:&nbsp;Chval\u0161iny T\u00fdden je ur\u010den v\u0161em, kdo maj\u00ed o Integrovanou psychoterapii z\u00e1jem, sou\u010dasn\u011b tak\u00e9 z\u00e1jemc\u016fm o v\u00fdcvik v integrovan\u00e9 psychoterapii.M\u00edsto kon\u00e1n\u00ed &#8211; Chval\u0161iny, n\u00e1m\u011bst\u00ed \u010d. p. 129, za\u0159\u00edzen\u00ed pro pobyt osob s poruchami autistick\u00e9ho spektra (b\u00fdval\u00e1 fara).Mo\u017enost ubytov\u00e1n\u00ed od pond\u011bl\u00ed 29.&hellip; <a class=\"more-link\" href=\"https:\/\/jajsemja.cz\/wordpress\/?page_id=92\">Pokra\u010dovat ve\u00a0\u010dten\u00ed <span class=\"screen-reader-text\">P\u0159ihl\u00e1\u0161en\u00ed na kurz<\/span><\/a><\/p>\n","protected":false},"author":1,"featured_media":0,"parent":0,"menu_order":0,"comment_status":"closed","ping_status":"closed","template":"","meta":{"footnotes":""},"class_list":["post-92","page","type-page","status-publish","hentry","entry"],"_links":{"self":[{"href":"https:\/\/jajsemja.cz\/wordpress\/index.php?rest_route=\/wp\/v2\/pages\/92","targetHints":{"allow":["GET"]}}],"collection":[{"href":"https:\/\/jajsemja.cz\/wordpress\/index.php?rest_route=\/wp\/v2\/pages"}],"about":[{"href":"https:\/\/jajsemja.cz\/wordpress\/index.php?rest_route=\/wp\/v2\/types\/page"}],"author":[{"embeddable":true,"href":"https:\/\/jajsemja.cz\/wordpress\/index.php?rest_route=\/wp\/v2\/users\/1"}],"replies":[{"embeddable":true,"href":"https:\/\/jajsemja.cz\/wordpress\/index.php?rest_route=%2Fwp%2Fv2%2Fcomments&post=92"}],"version-history":[{"count":6,"href":"https:\/\/jajsemja.cz\/wordpress\/index.php?rest_route=\/wp\/v2\/pages\/92\/revisions"}],"predecessor-version":[{"id":169,"href":"https:\/\/jajsemja.cz\/wordpress\/index.php?rest_route=\/wp\/v2\/pages\/92\/revisions\/169"}],"wp:attachment":[{"href":"https:\/\/jajsemja.cz\/wordpress\/index.php?rest_route=%2Fwp%2Fv2%2Fmedia&parent=92"}],"curies":[{"name":"wp","href":"https:\/\/api.w.org\/{rel}","templated":true}]}}